{"id":35,"date":"2025-05-02T10:45:26","date_gmt":"2025-05-02T08:45:26","guid":{"rendered":"https:\/\/fjdn.be\/?page_id=35"},"modified":"2025-06-18T10:44:42","modified_gmt":"2025-06-18T08:44:42","slug":"concertation","status":"publish","type":"page","link":"https:\/\/fjdn.be\/index.php\/concertation\/","title":{"rendered":"Concertation\u00a0"},"content":{"rendered":"\t\t<div data-elementor-type=\"wp-page\" data-elementor-id=\"35\" class=\"elementor elementor-35\">\n\t\t\t\t<div class=\"elementor-element elementor-element-2cd6087 e-flex e-con-boxed e-con e-parent\" data-id=\"2cd6087\" data-element_type=\"container\">\n\t\t\t\t\t<div class=\"e-con-inner\">\n\t\t\t\t<div class=\"elementor-element elementor-element-f5a94f1 elementor-widget elementor-widget-text-editor\" data-id=\"f5a94f1\" data-element_type=\"widget\" data-widget_type=\"text-editor.default\">\n\t\t\t\t<div class=\"elementor-widget-container\">\n\t\t\t\t\t\t\t\t\t<div><p><b><span data-olk-copy-source=\"MessageBody\"><img decoding=\"async\" class=\" wp-image-185 alignleft\" src=\"https:\/\/fjdn.be\/wp-content\/uploads\/2025\/06\/Logo-concertation-300x213.png\" alt=\"Logo de la concertation avec un enfant qui tend la main\" width=\"206\" height=\"146\" srcset=\"https:\/\/fjdn.be\/wp-content\/uploads\/2025\/06\/Logo-concertation-300x213.png 300w, https:\/\/fjdn.be\/wp-content\/uploads\/2025\/06\/Logo-concertation.png 597w\" sizes=\"(max-width: 206px) 100vw, 206px\" \/>La Concertation Wallonne MENA : Un Engagement Cl\u00e9 pour l&rsquo;Avenir des Mineurs \u00c9trangers\u00a0<span data-markjs=\"true\">Non Accompagn\u00e9s<\/span><\/span><\/b><\/p><\/div><div><p><span data-markjs=\"true\">Depuis fin 2019<\/span>, la Fondation Joseph Denamur coordonne la\u00a0<b>Concertation Wallonne des acteurs en charge des Mineurs \u00c9trangers Non Accompagn\u00e9s (MENA) et ex-MENA<\/b>. Un projet rendu possible gr\u00e2ce au soutien de la\u00a0<b>R\u00e9gion wallonne (d\u00e9partement de l&rsquo;Action sociale)<\/b>\u00a0via une subvention facultative.<\/p><\/div><div><p>Notre concertation est une\u00a0<b>force vive<\/b>\u00a0qui rassemble, connecte et soutient les professionnels en charge de leur accompagnement.<\/p><\/div><div><p>Concr\u00e8tement, la concertation :<\/p><\/div><div><ul type=\"disc\"><li><b>Met en r\u00e9seau<\/b>\u00a0les partenaires pour mutualiser les expertises.<\/li><\/ul><\/div><div><ul type=\"disc\"><li><b>Organise des rencontres<\/b>\u00a0favorisant les \u00e9changes de pratiques innovantes.<\/li><\/ul><\/div><div><ul type=\"disc\"><li><b>Soutient des recommandations et assure le plaidoyer<\/b>\u00a0aupr\u00e8s des pouvoirs publics afin de faire \u00e9voluer les politiques.<\/li><\/ul><\/div><div><ul type=\"disc\"><li><b>Favoriser\u00a0l&rsquo;\u00e9mergence de projets<\/b>\u00a0structurants et adapt\u00e9s.<\/li><\/ul><\/div><div><ul type=\"disc\"><li><b>Diffuser\u00a0les informations utiles<\/b>\u00a0pour garantir un accompagnement \u00e9clair\u00e9.<\/li><\/ul><p>\u00a0<\/p><\/div><div><p>Des\u00a0<b>groupes de travail th\u00e9matiques<\/b>\u00a0se r\u00e9unissent plusieurs fois par an. Ces espaces d&rsquo;\u00e9change approfondi couvrent des sujets essentiels tels que :<\/p><\/div><div><ul type=\"disc\"><li>L&rsquo;<b>autonomie<\/b>\u00a0des jeunes.<\/li><\/ul><\/div><div><ul type=\"disc\"><li>Le\u00a0<b>regroupement familial<\/b>.<\/li><\/ul><\/div><div><ul type=\"disc\"><li>La\u00a0<b>sant\u00e9 mentale<\/b>\u00a0(approches cliniques et institutionnelles).<\/li><\/ul><\/div><div><ul type=\"disc\"><li>Le\u00a0<b>plaidoyer<\/b>\u00a0pour une meilleure reconnaissance de leurs droits.<\/li><\/ul><\/div><div><ul type=\"disc\"><li>Et le\u00a0<b>Comit\u00e9 d&rsquo;accompagnement du projet alternatif \u00e0 la scolarit\u00e9 IDO<\/b>.<\/li><\/ul><\/div><div>\u00a0<\/div><div><p>\u00a0Chaque contribution est pr\u00e9cieuse. Si vous souhaitez en savoir plus ou rejoindre nos efforts, n&rsquo;h\u00e9sitez pas \u00e0 prendre contact avec Sophie Hubert 0489\/29.20.32 ou\u00a0<a title=\"mailto:sophie.hubert@fjdn.be\" href=\"mailto:sophie.hubert@fjdn.be\" data-linkindex=\"0\">sophie.hubert@fjdn.be<\/a>.\u00a0<\/p><\/div><div><p><u>Envie d&rsquo;en savoir plus\u00a0<\/u>:\u00a0<\/p><\/div><div><p>\u00ab Transition vers l\u2019autonomie des mena et ex-mena. Concertation, \u00e9tat des lieux et recommandations. \u00bb, Sophie Hubert, AJDN, octobre 2020, <a href=\"http:\/\/uvcw.be\/no_index\/files\/3571-2020-10-23---rapport-final-projet-ajdn.pdf\" target=\"_blank\" rel=\"noopener\">Lire le rapport<\/a><\/p><\/div><div><p>M\u00e9morandum de la Concertation wallonne des acteurs en charge des Mineurs \u00e9trangers non accompagn\u00e9s et ex-MENA, janvier 2024, M\u00e9morandum 2024 Concertation wallonne (ex-)MENA,\u00a0<a title=\"https:\/\/cbcs.be\/wp-content\/uploads\/2024\/01\/Memorandum-2024-Concertation-wallonne-ex-MENA.pdf\" href=\"https:\/\/cbcs.be\/wp-content\/uploads\/2024\/01\/Memorandum-2024-Concertation-wallonne-ex-MENA.pdf\" data-auth=\"NotApplicable\" data-linkindex=\"1\">Lire le m\u00e9morandum<\/a><\/p><p><img decoding=\"async\" class=\"aligncenter\" src=\"https:\/\/www.wallonie.be\/sites\/default\/files\/2019-12\/soutien_v_fr_0.png\" alt=\"Avec le soutien de la Wallonie (logo r\u00e9gion wallonne)\" width=\"87\" height=\"127\" \/><\/p><\/div>\t\t\t\t\t\t\t\t<\/div>\n\t\t\t\t<\/div>\n\t\t\t\t\t<\/div>\n\t\t\t\t<\/div>\n\t\t\t\t<\/div>\n\t\t","protected":false},"excerpt":{"rendered":"<p>La Concertation Wallonne MENA : Un Engagement Cl\u00e9 pour l&rsquo;Avenir des Mineurs \u00c9trangers\u00a0Non Accompagn\u00e9s Depuis fin 2019, la Fondation Joseph Denamur coordonne la\u00a0Concertation Wallonne des acteurs en charge des Mineurs \u00c9trangers Non Accompagn\u00e9s (MENA) et ex-MENA. Un projet rendu possible gr\u00e2ce au soutien de la\u00a0R\u00e9gion wallonne (d\u00e9partement de l&rsquo;Action sociale)\u00a0via une subvention facultative. Notre concertation [&hellip;]<\/p>\n","protected":false},"author":1,"featured_media":0,"parent":0,"menu_order":0,"comment_status":"closed","ping_status":"closed","template":"","meta":{"footnotes":""},"class_list":["post-35","page","type-page","status-publish","hentry"],"_links":{"self":[{"href":"https:\/\/fjdn.be\/index.php\/wp-json\/wp\/v2\/pages\/35","targetHints":{"allow":["GET"]}}],"collection":[{"href":"https:\/\/fjdn.be\/index.php\/wp-json\/wp\/v2\/pages"}],"about":[{"href":"https:\/\/fjdn.be\/index.php\/wp-json\/wp\/v2\/types\/page"}],"author":[{"embeddable":true,"href":"https:\/\/fjdn.be\/index.php\/wp-json\/wp\/v2\/users\/1"}],"replies":[{"embeddable":true,"href":"https:\/\/fjdn.be\/index.php\/wp-json\/wp\/v2\/comments?post=35"}],"version-history":[{"count":13,"href":"https:\/\/fjdn.be\/index.php\/wp-json\/wp\/v2\/pages\/35\/revisions"}],"predecessor-version":[{"id":196,"href":"https:\/\/fjdn.be\/index.php\/wp-json\/wp\/v2\/pages\/35\/revisions\/196"}],"wp:attachment":[{"href":"https:\/\/fjdn.be\/index.php\/wp-json\/wp\/v2\/media?parent=35"}],"curies":[{"name":"wp","href":"https:\/\/api.w.org\/{rel}","templated":true}]}}