{"id":30,"date":"2025-05-02T10:44:58","date_gmt":"2025-05-02T08:44:58","guid":{"rendered":"https:\/\/fjdn.be\/?page_id=30"},"modified":"2025-06-26T14:00:45","modified_gmt":"2025-06-26T12:00:45","slug":"projet-cire","status":"publish","type":"page","link":"https:\/\/fjdn.be\/index.php\/projet-cire\/","title":{"rendered":"Projet CIR\u00c9"},"content":{"rendered":"\t\t<div data-elementor-type=\"wp-page\" data-elementor-id=\"30\" class=\"elementor elementor-30\">\n\t\t\t\t<div class=\"elementor-element elementor-element-8018d9d e-flex e-con-boxed e-con e-parent\" data-id=\"8018d9d\" data-element_type=\"container\">\n\t\t\t\t\t<div class=\"e-con-inner\">\n\t\t\t\t<div class=\"elementor-element elementor-element-09320f6 elementor-widget elementor-widget-text-editor\" data-id=\"09320f6\" data-element_type=\"widget\" data-widget_type=\"text-editor.default\">\n\t\t\t\t<div class=\"elementor-widget-container\">\n\t\t\t\t\t\t\t\t\t<p>L\u2019objectif du projet est de garantir un accueil adapt\u00e9 pour des demandeur\u00b7euses de protection internationale avec vuln\u00e9rabilit\u00e9,\u00a0notamment les personnes en situation de handicap mental ou physiques, les personnes \u00e2g\u00e9es, les personnes LGBTQIA+, les personnes ayant subi des traumatismes.<br \/>En proposant un accueil en\u00a0<strong>logements individuels et un accompagnement de premi\u00e8re ligne m\u00e9dical, social et juridique adapt\u00e9,<\/strong>\u00a0notre structure d\u2019accueil privil\u00e9gie la vie de famille et l\u2019autonomie.<\/p>\t\t\t\t\t\t\t\t<\/div>\n\t\t\t\t<\/div>\n\t\t\t\t\t<\/div>\n\t\t\t\t<\/div>\n\t\t\t\t<\/div>\n\t\t","protected":false},"excerpt":{"rendered":"<p>L\u2019objectif du projet est de garantir un accueil adapt\u00e9 pour des demandeur\u00b7euses de protection internationale avec vuln\u00e9rabilit\u00e9,\u00a0notamment les personnes en situation de handicap mental ou physiques, les personnes \u00e2g\u00e9es, les personnes LGBTQIA+, les personnes ayant subi des traumatismes.En proposant un accueil en\u00a0logements individuels et un accompagnement de premi\u00e8re ligne m\u00e9dical, social et juridique adapt\u00e9,\u00a0notre structure [&hellip;]<\/p>\n","protected":false},"author":1,"featured_media":0,"parent":0,"menu_order":0,"comment_status":"closed","ping_status":"closed","template":"","meta":{"footnotes":""},"class_list":["post-30","page","type-page","status-publish","hentry"],"_links":{"self":[{"href":"https:\/\/fjdn.be\/index.php\/wp-json\/wp\/v2\/pages\/30","targetHints":{"allow":["GET"]}}],"collection":[{"href":"https:\/\/fjdn.be\/index.php\/wp-json\/wp\/v2\/pages"}],"about":[{"href":"https:\/\/fjdn.be\/index.php\/wp-json\/wp\/v2\/types\/page"}],"author":[{"embeddable":true,"href":"https:\/\/fjdn.be\/index.php\/wp-json\/wp\/v2\/users\/1"}],"replies":[{"embeddable":true,"href":"https:\/\/fjdn.be\/index.php\/wp-json\/wp\/v2\/comments?post=30"}],"version-history":[{"count":6,"href":"https:\/\/fjdn.be\/index.php\/wp-json\/wp\/v2\/pages\/30\/revisions"}],"predecessor-version":[{"id":203,"href":"https:\/\/fjdn.be\/index.php\/wp-json\/wp\/v2\/pages\/30\/revisions\/203"}],"wp:attachment":[{"href":"https:\/\/fjdn.be\/index.php\/wp-json\/wp\/v2\/media?parent=30"}],"curies":[{"name":"wp","href":"https:\/\/api.w.org\/{rel}","templated":true}]}}